{"id":833,"date":"2018-08-30T13:39:51","date_gmt":"2018-08-30T16:39:51","guid":{"rendered":"https:\/\/ispcelli-cha.infd.edu.ar\/sitio\/estructura-curricular-2\/"},"modified":"2020-10-09T11:17:38","modified_gmt":"2020-10-09T14:17:38","slug":"estructura-curricular-2","status":"publish","type":"page","link":"https:\/\/ispcelli-cha.infd.edu.ar\/sitio\/estructura-curricular-2\/","title":{"rendered":"Plan de Estudios &#8211; R\u00e9gimen Correlatividades"},"content":{"rendered":"<p><img decoding=\"async\" loading=\"lazy\" class=\"alignnone size-full wp-image-1381 aligncenter\" src=\"https:\/\/ispcelli-cha.infd.edu.ar\/sitio\/wp-content\/uploads\/2020\/05\/cooltext354898525394438.png\" alt=\"\" width=\"399\" height=\"99\" \/><\/p>\n<hr \/>\n<p style=\"text-align: left;\"><div  class=\"lgc-column lgc-grid-parent lgc-grid-50 lgc-tablet-grid-50 lgc-mobile-grid-50 lgc-equal-heights \"><div  class=\"inside-grid-column\">\n<h2 style=\"text-align: center;\"><span style=\"color: #800080;\"><strong>\u00a0PLAN DE ESTUDIOS<\/strong><\/span><\/h2>\n<p style=\"text-align: left;\"><em><b><img decoding=\"async\" loading=\"lazy\" class=\"alignnone wp-image-719\" src=\"https:\/\/ispcelli-cha.infd.edu.ar\/sitio\/wp-content\/uploads\/2018\/08\/icono4.jpg\" alt=\"\" width=\"30\" height=\"31\" \/>Para\u00a0descargar el Plan de Estudios haga clic aqu\u00ed:\u00a0<\/b><\/em><strong><a href=\"https:\/\/ispcelli-cha.infd.edu.ar\/sitio\/wp-content\/uploads\/2020\/03\/Plan-de-Estudios-PROF.GEOGRAFIA.pdf\">Plan de Estudios PROF.GEOGRAF\u00cdA<\/a><\/strong><\/p>\n<p style=\"text-align: left;\"><strong><em><img decoding=\"async\" loading=\"lazy\" class=\"alignnone wp-image-719\" src=\"https:\/\/ispcelli-cha.infd.edu.ar\/sitio\/wp-content\/uploads\/2018\/08\/icono4.jpg\" alt=\"\" width=\"30\" height=\"31\" \/>Para descargar el dise\u00f1o curricular haga clic aqu\u00ed:\u00a0<a href=\"https:\/\/ispcelli-cha.infd.edu.ar\/sitio\/wp-content\/uploads\/2020\/03\/DC-del-PROFESORADO-de-GEOGRAFIA-.pdf\">Dise\u00f1o Curricular- PROFESORADO GEOGRAF\u00cdA-<\/a><\/em><\/strong><\/p>\n<ul style=\"text-align: left;\">\n<li><strong>DENOMINACI\u00d3N DE LA CARRERA: Profesorado para la Educaci\u00f3n Secundaria en Geograf\u00eda<\/strong><\/li>\n<li><strong>T\u00cdTULO A OTORGAR:\u00a0Profesor\/a de Educaci\u00f3n Secundaria en Geograf\u00eda<\/strong><\/li>\n<li><strong>ALCANCES DEL T\u00cdTULO:<\/strong><br \/>\nLos egresados est\u00e1n habilitados para el ejercicio de la docencia para la educaci\u00f3n secundaria. Reconocimiento acad\u00e9mico del t\u00edtulo de grado para continuar estudios de pos titulaciones.<\/li>\n<li><strong>CONDICIONES DE ACCESO:<\/strong>Poseer t\u00edtulo de nivel medio para acceder a estudios conducentes a titulaciones docentes. Excepcionalmente, los mayores de 25 a\u00f1os que no re\u00fanan esa condici\u00f3n, podr\u00e1n ingresar seg\u00fan lo establecido por el Art N\u00b0 7 de la Ley de Educaci\u00f3n Superior N\u00b0 24521.<\/li>\n<li><strong>CARGA HORARIA TOTAL DE LA CARRERA:\u00a0\u00a0 <\/strong>TOTAL horas reloj: 2751<\/li>\n<li><strong>DURACI\u00d3N\u00a0DE LA CARRERA\u00a0 A\u00d1OS\u00a0ACAD\u00c9MICOS: <\/strong>4 a\u00f1os.<\/li>\n<\/ul>\n<p style=\"text-align: left;\"><\/p><\/div><\/div><u><\/u><\/p>\n<p style=\"text-align: left;\"><div  class=\"lgc-column lgc-grid-parent lgc-grid-50 lgc-tablet-grid-50 lgc-mobile-grid-50 lgc-equal-heights \"><div  class=\"inside-grid-column\">\n<h2 style=\"text-align: center;\"><span style=\"color: #800080;\"><strong>R\u00c9GIMEN DE CORRELATIVIDADES<\/strong><\/span><\/h2>\n<p style=\"text-align: left;\"><strong><em><img decoding=\"async\" loading=\"lazy\" class=\"alignnone wp-image-719\" src=\"https:\/\/ispcelli-cha.infd.edu.ar\/sitio\/wp-content\/uploads\/2018\/08\/icono4.jpg\" alt=\"\" width=\"30\" height=\"31\" \/><\/em><\/strong>Para descargar el\u00a0 R\u00e9gimen vigente haga clic aqu\u00ed:\u00a0<a href=\"https:\/\/ispcelli-cha.infd.edu.ar\/sitio\/wp-content\/uploads\/2020\/03\/CORRELATIVAS-ACTUALIZADAS-GEOGRAFIA.pdf\"><strong>PROFESORADO EN GEOGRAF\u00cdA \u2013 R\u00c9GIMEN DE CORRELATIVIDAD RES. N\u00ba 2036\/16 y su modificatoria RES. N\u00b0 859\/17 \u2013MECCYT\u00a0<\/strong><\/a><\/p>\n<ul style=\"text-align: left;\">\n<li>El alumno deber\u00e1 cumplir, para el cursado y acreditaci\u00f3n de las unidades curriculares, con el R\u00e9gimen de Correlatividades establecido en los dise\u00f1os o en norma complementaria al plan de estudios correspondiente.<\/li>\n<li>La acreditaci\u00f3n de una unidad curricular sin correlatividad aprobada quedar\u00e1 autom\u00e1ticamente anulada hasta se constate la finalizaci\u00f3n del proceso propuesto. (<strong>REGLAMENTO ACAD\u00c9MICO MARCO \u2013 R.A.M.\u00a0<\/strong><strong>DE LOS INSTITUTOS DE EDUCACI\u00d3N\u00a0SUPERIOR DE LA PROVINCIA DEL CHACO)\u00a0<\/strong><\/li>\n<\/ul>\n<p style=\"text-align: left;\"><\/p><\/div><\/div>\n","protected":false},"excerpt":{"rendered":"","protected":false},"author":195,"featured_media":0,"parent":0,"menu_order":0,"comment_status":"closed","ping_status":"closed","template":"","meta":[],"acf":[],"_links":{"self":[{"href":"https:\/\/ispcelli-cha.infd.edu.ar\/sitio\/wp-json\/wp\/v2\/pages\/833"}],"collection":[{"href":"https:\/\/ispcelli-cha.infd.edu.ar\/sitio\/wp-json\/wp\/v2\/pages"}],"about":[{"href":"https:\/\/ispcelli-cha.infd.edu.ar\/sitio\/wp-json\/wp\/v2\/types\/page"}],"author":[{"embeddable":true,"href":"https:\/\/ispcelli-cha.infd.edu.ar\/sitio\/wp-json\/wp\/v2\/users\/195"}],"replies":[{"embeddable":true,"href":"https:\/\/ispcelli-cha.infd.edu.ar\/sitio\/wp-json\/wp\/v2\/comments?post=833"}],"version-history":[{"count":26,"href":"https:\/\/ispcelli-cha.infd.edu.ar\/sitio\/wp-json\/wp\/v2\/pages\/833\/revisions"}],"predecessor-version":[{"id":1873,"href":"https:\/\/ispcelli-cha.infd.edu.ar\/sitio\/wp-json\/wp\/v2\/pages\/833\/revisions\/1873"}],"wp:attachment":[{"href":"https:\/\/ispcelli-cha.infd.edu.ar\/sitio\/wp-json\/wp\/v2\/media?parent=833"}],"curies":[{"name":"wp","href":"https:\/\/api.w.org\/{rel}","templated":true}]}}